{"id":2278,"date":"2023-05-08T11:11:07","date_gmt":"2023-05-08T11:11:07","guid":{"rendered":"https:\/\/career-jungle.de\/?page_id=2278"},"modified":"2023-05-08T11:17:30","modified_gmt":"2023-05-08T11:17:30","slug":"myability-talent","status":"publish","type":"page","link":"https:\/\/career-jungle.de\/en\/soziale-initiativen\/myability-talent\/","title":{"rendered":"myAbility Talent\u00ae"},"content":{"rendered":"<div data-elementor-type=\"wp-page\" data-elementor-id=\"2278\" class=\"elementor elementor-2278\" data-elementor-post-type=\"page\">\n\t\t\t\t\t\t<section class=\"elementor-section elementor-top-section elementor-element elementor-element-ffd9364 elementor-section-boxed elementor-section-height-default elementor-section-height-default\" data-id=\"ffd9364\" data-element_type=\"section\" data-e-type=\"section\">\n\t\t\t\t\t\t<div class=\"elementor-container elementor-column-gap-default\">\n\t\t\t\t\t<div class=\"elementor-column elementor-col-100 elementor-top-column elementor-element elementor-element-8826cff\" data-id=\"8826cff\" data-element_type=\"column\" data-e-type=\"column\">\n\t\t\t<div class=\"elementor-widget-wrap elementor-element-populated\">\n\t\t\t\t\t\t<div class=\"elementor-element elementor-element-203d1d6 elementor-widget elementor-widget-spacer\" data-id=\"203d1d6\" data-element_type=\"widget\" data-e-type=\"widget\" data-widget_type=\"spacer.default\">\n\t\t\t\t<div class=\"elementor-widget-container\">\n\t\t\t\t\t\t\t<div class=\"elementor-spacer\">\n\t\t\t<div class=\"elementor-spacer-inner\"><\/div>\n\t\t<\/div>\n\t\t\t\t\t\t<\/div>\n\t\t\t\t<\/div>\n\t\t\t\t\t<\/div>\n\t\t<\/div>\n\t\t\t\t\t<\/div>\n\t\t<\/section>\n\t\t\t\t<section class=\"elementor-section elementor-top-section elementor-element elementor-element-3c22433 elementor-section-boxed elementor-section-height-default elementor-section-height-default\" data-id=\"3c22433\" data-element_type=\"section\" data-e-type=\"section\">\n\t\t\t\t\t\t<div class=\"elementor-container elementor-column-gap-default\">\n\t\t\t\t\t<div class=\"elementor-column elementor-col-100 elementor-top-column elementor-element elementor-element-56f929d\" data-id=\"56f929d\" data-element_type=\"column\" data-e-type=\"column\">\n\t\t\t<div class=\"elementor-widget-wrap elementor-element-populated\">\n\t\t\t\t\t\t<section class=\"elementor-section elementor-inner-section elementor-element elementor-element-3d0de95 elementor-section-boxed elementor-section-height-default elementor-section-height-default\" data-id=\"3d0de95\" data-element_type=\"section\" data-e-type=\"section\">\n\t\t\t\t\t\t<div class=\"elementor-container elementor-column-gap-default\">\n\t\t\t\t\t<div class=\"elementor-column elementor-col-50 elementor-inner-column elementor-element elementor-element-6b86132\" data-id=\"6b86132\" data-element_type=\"column\" data-e-type=\"column\">\n\t\t\t<div class=\"elementor-widget-wrap elementor-element-populated\">\n\t\t\t\t\t\t<div class=\"elementor-element elementor-element-7362a91 elementor-widget elementor-widget-image\" data-id=\"7362a91\" data-element_type=\"widget\" data-e-type=\"widget\" data-widget_type=\"image.default\">\n\t\t\t\t<div class=\"elementor-widget-container\">\n\t\t\t\t\t\t\t\t\t\t\t\t\t\t\t\t<a href=\"http:\/\/www.myAbilityTalent.org\" target=\"_blank\">\n\t\t\t\t\t\t\t<img fetchpriority=\"high\" decoding=\"async\" width=\"800\" height=\"400\" src=\"https:\/\/career-jungle.de\/wp-content\/uploads\/2023\/05\/ability-1024x512.jpg\" class=\"attachment-large size-large wp-image-2284\" alt=\"\" srcset=\"https:\/\/career-jungle.de\/wp-content\/uploads\/2023\/05\/ability-1024x512.jpg 1024w, https:\/\/career-jungle.de\/wp-content\/uploads\/2023\/05\/ability-300x150.jpg 300w, https:\/\/career-jungle.de\/wp-content\/uploads\/2023\/05\/ability-768x384.jpg 768w, https:\/\/career-jungle.de\/wp-content\/uploads\/2023\/05\/ability-1536x768.jpg 1536w, https:\/\/career-jungle.de\/wp-content\/uploads\/2023\/05\/ability.jpg 1600w\" sizes=\"(max-width: 800px) 100vw, 800px\" \/>\t\t\t\t\t\t\t\t<\/a>\n\t\t\t\t\t\t\t\t\t\t\t\t\t\t\t<\/div>\n\t\t\t\t<\/div>\n\t\t\t\t\t<\/div>\n\t\t<\/div>\n\t\t\t\t<div class=\"elementor-column elementor-col-50 elementor-inner-column elementor-element elementor-element-3f1fc70\" data-id=\"3f1fc70\" data-element_type=\"column\" data-e-type=\"column\">\n\t\t\t<div class=\"elementor-widget-wrap elementor-element-populated\">\n\t\t\t\t\t\t<div class=\"elementor-element elementor-element-fa364e7 elementor-widget elementor-widget-text-editor\" data-id=\"fa364e7\" data-element_type=\"widget\" data-e-type=\"widget\" data-widget_type=\"text-editor.default\">\n\t\t\t\t<div class=\"elementor-widget-container\">\n\t\t\t\t\t\t\t\t\t<p><strong>MYABILITY TALENT<\/strong><\/p><p>Deine Karriere ohne Barriere<\/p><p>Seit 2016 vernetzt das myAbility Talent\u00ae Programm in Deutschland, \u00d6sterreich und der Schweiz talentierte Studierende und Absolvent:innen mit Behinderungen oder chronischen Erkrankungen \u2013 physischer und psychischer Natur &#8211; mit namhaften Unternehmen, die an der Schaffung barrierefreier Arbeitspl\u00e4tze interessiert sind.<\/p><p>\u00dcber unser Programm hast Du die M\u00f6glichkeit, kostenfrei an Coachings, Workshops und Selbstpr\u00e4sentations-Trainings f\u00fcr Deinen Berufseinstieg teilzunehmen und Deine individuelle Strategie f\u00fcr Barrierefreiheit am Arbeitsplatz zu entwickeln.<\/p><p>Neben unserem Karriereprogramm unterhalten wir mit <a href=\"http:\/\/www.myAbility.jobs\" target=\"_blank\" rel=\"noopener\">www.myAbility.jobs<\/a> die gr\u00f6\u00dfte inklusive Job-Plattform im deutschsprachigen Raum.<\/p><p>\u00a0<\/p><p><strong>MORE INFO:<\/strong> <br \/><a href=\"http:\/\/www.myAbilityTalent.org\" target=\"_blank\" rel=\"noopener\">www.myAbilityTalent.org<\/a><br \/><a href=\"http:\/\/www.myAbility.jobs\" target=\"_blank\" rel=\"noopener\">www.myAbility.jobs<\/a><br \/><a href=\"https:\/\/karriere.myability.jobs\/karrieretipps\" target=\"_blank\" rel=\"noopener\">https:\/\/karriere.myability.jobs\/karrieretipps\u00a0<\/a><\/p><p>\u00a0<\/p>\t\t\t\t\t\t\t\t<\/div>\n\t\t\t\t<\/div>\n\t\t\t\t<div class=\"elementor-element elementor-element-e514299 elementor-align-left elementor-widget elementor-widget-button\" data-id=\"e514299\" data-element_type=\"widget\" data-e-type=\"widget\" data-widget_type=\"button.default\">\n\t\t\t\t<div class=\"elementor-widget-container\">\n\t\t\t\t\t\t\t\t\t<div class=\"elementor-button-wrapper\">\n\t\t\t\t\t<a class=\"elementor-button elementor-button-link elementor-size-sm\" href=\"https:\/\/career-jungle.de\/en\/social-initiatives\/\">\n\t\t\t\t\t\t<span class=\"elementor-button-content-wrapper\">\n\t\t\t\t\t\t\t\t\t<span class=\"elementor-button-text\">back to overview<\/span>\n\t\t\t\t\t<\/span>\n\t\t\t\t\t<\/a>\n\t\t\t\t<\/div>\n\t\t\t\t\t\t\t\t<\/div>\n\t\t\t\t<\/div>\n\t\t\t\t\t<\/div>\n\t\t<\/div>\n\t\t\t\t\t<\/div>\n\t\t<\/section>\n\t\t\t\t\t<\/div>\n\t\t<\/div>\n\t\t\t\t\t<\/div>\n\t\t<\/section>\n\t\t\t\t<section class=\"elementor-section elementor-top-section elementor-element elementor-element-a996bd8 elementor-section-boxed elementor-section-height-default elementor-section-height-default\" data-id=\"a996bd8\" data-element_type=\"section\" data-e-type=\"section\">\n\t\t\t\t\t\t<div class=\"elementor-container elementor-column-gap-default\">\n\t\t\t\t\t<div class=\"elementor-column elementor-col-100 elementor-top-column elementor-element elementor-element-48174cd\" data-id=\"48174cd\" data-element_type=\"column\" data-e-type=\"column\">\n\t\t\t<div class=\"elementor-widget-wrap elementor-element-populated\">\n\t\t\t\t\t\t<div class=\"elementor-element elementor-element-b625991 elementor-widget elementor-widget-spacer\" data-id=\"b625991\" data-element_type=\"widget\" data-e-type=\"widget\" data-widget_type=\"spacer.default\">\n\t\t\t\t<div class=\"elementor-widget-container\">\n\t\t\t\t\t\t\t<div class=\"elementor-spacer\">\n\t\t\t<div class=\"elementor-spacer-inner\"><\/div>\n\t\t<\/div>\n\t\t\t\t\t\t<\/div>\n\t\t\t\t<\/div>\n\t\t\t\t\t<\/div>\n\t\t<\/div>\n\t\t\t\t\t<\/div>\n\t\t<\/section>\n\t\t\t\t<\/div>","protected":false},"excerpt":{"rendered":"<p>MYABILITY TALENT Deine Karriere ohne Barriere Seit 2016 vernetzt das myAbility Talent\u00ae Programm in Deutschland, \u00d6sterreich und der Schweiz talentierte Studierende und Absolvent:innen mit Behinderungen oder chronischen Erkrankungen \u2013 physischer und psychischer Natur &#8211; mit namhaften Unternehmen, die an der Schaffung barrierefreier Arbeitspl\u00e4tze interessiert sind. \u00dcber unser Programm hast Du die M\u00f6glichkeit, kostenfrei an Coachings, [&hellip;]<\/p>\n","protected":false},"author":1,"featured_media":0,"parent":2087,"menu_order":0,"comment_status":"closed","ping_status":"closed","template":"elementor_header_footer","meta":{"inline_featured_image":false,"footnotes":""},"class_list":["post-2278","page","type-page","status-publish","hentry"],"yoast_head":"<!-- This site is optimized with the Yoast SEO plugin v27.3 - https:\/\/yoast.com\/product\/yoast-seo-wordpress\/ -->\n<title>myAbility Talent\u00ae - Career Day<\/title>\n<meta name=\"robots\" content=\"index, follow, max-snippet:-1, max-image-preview:large, max-video-preview:-1\" \/>\n<link rel=\"canonical\" href=\"https:\/\/career-jungle.de\/en\/social-initiatives\/myability-talent\/\" \/>\n<meta property=\"og:locale\" content=\"en_US\" \/>\n<meta property=\"og:type\" content=\"article\" \/>\n<meta property=\"og:title\" content=\"myAbility Talent\u00ae - Career Day\" \/>\n<meta property=\"og:description\" content=\"MYABILITY TALENT Deine Karriere ohne Barriere Seit 2016 vernetzt das myAbility Talent\u00ae Programm in Deutschland, \u00d6sterreich und der Schweiz talentierte Studierende und Absolvent:innen mit Behinderungen oder chronischen Erkrankungen \u2013 physischer und psychischer Natur &#8211; mit namhaften Unternehmen, die an der Schaffung barrierefreier Arbeitspl\u00e4tze interessiert sind. \u00dcber unser Programm hast Du die M\u00f6glichkeit, kostenfrei an Coachings, [&hellip;]\" \/>\n<meta property=\"og:url\" content=\"https:\/\/career-jungle.de\/en\/social-initiatives\/myability-talent\/\" \/>\n<meta property=\"og:site_name\" content=\"Career Day\" \/>\n<meta property=\"article:modified_time\" content=\"2023-05-08T11:17:30+00:00\" \/>\n<meta property=\"og:image\" content=\"https:\/\/career-jungle.de\/wp-content\/uploads\/2023\/05\/ability-1024x512.jpg\" \/>\n<meta name=\"twitter:card\" content=\"summary_large_image\" \/>\n<meta name=\"twitter:label1\" content=\"Est. reading time\" \/>\n\t<meta name=\"twitter:data1\" content=\"1 minute\" \/>\n<script type=\"application\/ld+json\" class=\"yoast-schema-graph\">{\"@context\":\"https:\\\/\\\/schema.org\",\"@graph\":[{\"@type\":\"WebPage\",\"@id\":\"https:\\\/\\\/career-jungle.de\\\/soziale-initiativen\\\/myability-talent\\\/\",\"url\":\"https:\\\/\\\/career-jungle.de\\\/soziale-initiativen\\\/myability-talent\\\/\",\"name\":\"myAbility Talent\u00ae - Career Day\",\"isPartOf\":{\"@id\":\"https:\\\/\\\/career-jungle.de\\\/#website\"},\"primaryImageOfPage\":{\"@id\":\"https:\\\/\\\/career-jungle.de\\\/soziale-initiativen\\\/myability-talent\\\/#primaryimage\"},\"image\":{\"@id\":\"https:\\\/\\\/career-jungle.de\\\/soziale-initiativen\\\/myability-talent\\\/#primaryimage\"},\"thumbnailUrl\":\"https:\\\/\\\/career-jungle.de\\\/wp-content\\\/uploads\\\/2023\\\/05\\\/ability-1024x512.jpg\",\"datePublished\":\"2023-05-08T11:11:07+00:00\",\"dateModified\":\"2023-05-08T11:17:30+00:00\",\"breadcrumb\":{\"@id\":\"https:\\\/\\\/career-jungle.de\\\/soziale-initiativen\\\/myability-talent\\\/#breadcrumb\"},\"inLanguage\":\"en-US\",\"potentialAction\":[{\"@type\":\"ReadAction\",\"target\":[\"https:\\\/\\\/career-jungle.de\\\/soziale-initiativen\\\/myability-talent\\\/\"]}]},{\"@type\":\"ImageObject\",\"inLanguage\":\"en-US\",\"@id\":\"https:\\\/\\\/career-jungle.de\\\/soziale-initiativen\\\/myability-talent\\\/#primaryimage\",\"url\":\"https:\\\/\\\/career-jungle.de\\\/wp-content\\\/uploads\\\/2023\\\/05\\\/ability-1024x512.jpg\",\"contentUrl\":\"https:\\\/\\\/career-jungle.de\\\/wp-content\\\/uploads\\\/2023\\\/05\\\/ability-1024x512.jpg\"},{\"@type\":\"BreadcrumbList\",\"@id\":\"https:\\\/\\\/career-jungle.de\\\/soziale-initiativen\\\/myability-talent\\\/#breadcrumb\",\"itemListElement\":[{\"@type\":\"ListItem\",\"position\":1,\"name\":\"Startseite\",\"item\":\"https:\\\/\\\/career-jungle.de\\\/\"},{\"@type\":\"ListItem\",\"position\":2,\"name\":\"Soziale Initiativen &#8211; R\u00fcckblick\",\"item\":\"https:\\\/\\\/career-jungle.de\\\/soziale-initiativen\\\/\"},{\"@type\":\"ListItem\",\"position\":3,\"name\":\"myAbility Talent\u00ae\"}]},{\"@type\":\"WebSite\",\"@id\":\"https:\\\/\\\/career-jungle.de\\\/#website\",\"url\":\"https:\\\/\\\/career-jungle.de\\\/\",\"name\":\"Career Day\",\"description\":\"Welcome to the jungle\",\"publisher\":{\"@id\":\"https:\\\/\\\/career-jungle.de\\\/#organization\"},\"potentialAction\":[{\"@type\":\"SearchAction\",\"target\":{\"@type\":\"EntryPoint\",\"urlTemplate\":\"https:\\\/\\\/career-jungle.de\\\/?s={search_term_string}\"},\"query-input\":{\"@type\":\"PropertyValueSpecification\",\"valueRequired\":true,\"valueName\":\"search_term_string\"}}],\"inLanguage\":\"en-US\"},{\"@type\":\"Organization\",\"@id\":\"https:\\\/\\\/career-jungle.de\\\/#organization\",\"name\":\"Career Day\",\"url\":\"https:\\\/\\\/career-jungle.de\\\/\",\"logo\":{\"@type\":\"ImageObject\",\"inLanguage\":\"en-US\",\"@id\":\"https:\\\/\\\/career-jungle.de\\\/#\\\/schema\\\/logo\\\/image\\\/\",\"url\":\"https:\\\/\\\/career-jungle.de\\\/wp-content\\\/uploads\\\/2023\\\/04\\\/2026_CareerDayLogo_Pfad_Kontur_blau.png\",\"contentUrl\":\"https:\\\/\\\/career-jungle.de\\\/wp-content\\\/uploads\\\/2023\\\/04\\\/2026_CareerDayLogo_Pfad_Kontur_blau.png\",\"width\":872,\"height\":272,\"caption\":\"Career Day\"},\"image\":{\"@id\":\"https:\\\/\\\/career-jungle.de\\\/#\\\/schema\\\/logo\\\/image\\\/\"}}]}<\/script>\n<!-- \/ Yoast SEO plugin. -->","yoast_head_json":{"title":"myAbility Talent\u00ae - Career Day","robots":{"index":"index","follow":"follow","max-snippet":"max-snippet:-1","max-image-preview":"max-image-preview:large","max-video-preview":"max-video-preview:-1"},"canonical":"https:\/\/career-jungle.de\/en\/social-initiatives\/myability-talent\/","og_locale":"en_US","og_type":"article","og_title":"myAbility Talent\u00ae - Career Day","og_description":"MYABILITY TALENT Deine Karriere ohne Barriere Seit 2016 vernetzt das myAbility Talent\u00ae Programm in Deutschland, \u00d6sterreich und der Schweiz talentierte Studierende und Absolvent:innen mit Behinderungen oder chronischen Erkrankungen \u2013 physischer und psychischer Natur &#8211; mit namhaften Unternehmen, die an der Schaffung barrierefreier Arbeitspl\u00e4tze interessiert sind. \u00dcber unser Programm hast Du die M\u00f6glichkeit, kostenfrei an Coachings, [&hellip;]","og_url":"https:\/\/career-jungle.de\/en\/social-initiatives\/myability-talent\/","og_site_name":"Career Day","article_modified_time":"2023-05-08T11:17:30+00:00","og_image":[{"url":"https:\/\/career-jungle.de\/wp-content\/uploads\/2023\/05\/ability-1024x512.jpg","type":"","width":"","height":""}],"twitter_card":"summary_large_image","twitter_misc":{"Est. reading time":"1 minute"},"schema":{"@context":"https:\/\/schema.org","@graph":[{"@type":"WebPage","@id":"https:\/\/career-jungle.de\/soziale-initiativen\/myability-talent\/","url":"https:\/\/career-jungle.de\/soziale-initiativen\/myability-talent\/","name":"myAbility Talent\u00ae - Career Day","isPartOf":{"@id":"https:\/\/career-jungle.de\/#website"},"primaryImageOfPage":{"@id":"https:\/\/career-jungle.de\/soziale-initiativen\/myability-talent\/#primaryimage"},"image":{"@id":"https:\/\/career-jungle.de\/soziale-initiativen\/myability-talent\/#primaryimage"},"thumbnailUrl":"https:\/\/career-jungle.de\/wp-content\/uploads\/2023\/05\/ability-1024x512.jpg","datePublished":"2023-05-08T11:11:07+00:00","dateModified":"2023-05-08T11:17:30+00:00","breadcrumb":{"@id":"https:\/\/career-jungle.de\/soziale-initiativen\/myability-talent\/#breadcrumb"},"inLanguage":"en-US","potentialAction":[{"@type":"ReadAction","target":["https:\/\/career-jungle.de\/soziale-initiativen\/myability-talent\/"]}]},{"@type":"ImageObject","inLanguage":"en-US","@id":"https:\/\/career-jungle.de\/soziale-initiativen\/myability-talent\/#primaryimage","url":"https:\/\/career-jungle.de\/wp-content\/uploads\/2023\/05\/ability-1024x512.jpg","contentUrl":"https:\/\/career-jungle.de\/wp-content\/uploads\/2023\/05\/ability-1024x512.jpg"},{"@type":"BreadcrumbList","@id":"https:\/\/career-jungle.de\/soziale-initiativen\/myability-talent\/#breadcrumb","itemListElement":[{"@type":"ListItem","position":1,"name":"Startseite","item":"https:\/\/career-jungle.de\/"},{"@type":"ListItem","position":2,"name":"Soziale Initiativen &#8211; R\u00fcckblick","item":"https:\/\/career-jungle.de\/soziale-initiativen\/"},{"@type":"ListItem","position":3,"name":"myAbility Talent\u00ae"}]},{"@type":"WebSite","@id":"https:\/\/career-jungle.de\/#website","url":"https:\/\/career-jungle.de\/","name":"Career Day","description":"Welcome to the jungle","publisher":{"@id":"https:\/\/career-jungle.de\/#organization"},"potentialAction":[{"@type":"SearchAction","target":{"@type":"EntryPoint","urlTemplate":"https:\/\/career-jungle.de\/?s={search_term_string}"},"query-input":{"@type":"PropertyValueSpecification","valueRequired":true,"valueName":"search_term_string"}}],"inLanguage":"en-US"},{"@type":"Organization","@id":"https:\/\/career-jungle.de\/#organization","name":"Career Day","url":"https:\/\/career-jungle.de\/","logo":{"@type":"ImageObject","inLanguage":"en-US","@id":"https:\/\/career-jungle.de\/#\/schema\/logo\/image\/","url":"https:\/\/career-jungle.de\/wp-content\/uploads\/2023\/04\/2026_CareerDayLogo_Pfad_Kontur_blau.png","contentUrl":"https:\/\/career-jungle.de\/wp-content\/uploads\/2023\/04\/2026_CareerDayLogo_Pfad_Kontur_blau.png","width":872,"height":272,"caption":"Career Day"},"image":{"@id":"https:\/\/career-jungle.de\/#\/schema\/logo\/image\/"}}]}},"_links":{"self":[{"href":"https:\/\/career-jungle.de\/en\/wp-json\/wp\/v2\/pages\/2278","targetHints":{"allow":["GET"]}}],"collection":[{"href":"https:\/\/career-jungle.de\/en\/wp-json\/wp\/v2\/pages"}],"about":[{"href":"https:\/\/career-jungle.de\/en\/wp-json\/wp\/v2\/types\/page"}],"author":[{"embeddable":true,"href":"https:\/\/career-jungle.de\/en\/wp-json\/wp\/v2\/users\/1"}],"replies":[{"embeddable":true,"href":"https:\/\/career-jungle.de\/en\/wp-json\/wp\/v2\/comments?post=2278"}],"version-history":[{"count":4,"href":"https:\/\/career-jungle.de\/en\/wp-json\/wp\/v2\/pages\/2278\/revisions"}],"predecessor-version":[{"id":2293,"href":"https:\/\/career-jungle.de\/en\/wp-json\/wp\/v2\/pages\/2278\/revisions\/2293"}],"up":[{"embeddable":true,"href":"https:\/\/career-jungle.de\/en\/wp-json\/wp\/v2\/pages\/2087"}],"wp:attachment":[{"href":"https:\/\/career-jungle.de\/en\/wp-json\/wp\/v2\/media?parent=2278"}],"curies":[{"name":"WordPress","href":"https:\/\/api.w.org\/{rel}","templated":true}]}}