{"id":1829,"date":"2023-05-05T14:09:07","date_gmt":"2023-05-05T14:09:07","guid":{"rendered":"https:\/\/career-jungle.de\/?page_id=1829"},"modified":"2023-05-05T14:18:48","modified_gmt":"2023-05-05T14:18:48","slug":"landkreis-reutlingen","status":"publish","type":"page","link":"https:\/\/career-jungle.de\/en\/unternehmen\/landkreis-reutlingen\/","title":{"rendered":"Landkreis Reutlingen"},"content":{"rendered":"<div data-elementor-type=\"wp-page\" data-elementor-id=\"1829\" class=\"elementor elementor-1829\" data-elementor-post-type=\"page\">\n\t\t\t\t\t\t<section class=\"elementor-section elementor-top-section elementor-element elementor-element-b67b931 elementor-section-boxed elementor-section-height-default elementor-section-height-default\" data-id=\"b67b931\" data-element_type=\"section\" data-e-type=\"section\">\n\t\t\t\t\t\t<div class=\"elementor-container elementor-column-gap-default\">\n\t\t\t\t\t<div class=\"elementor-column elementor-col-100 elementor-top-column elementor-element elementor-element-1c640d7\" data-id=\"1c640d7\" data-element_type=\"column\" data-e-type=\"column\">\n\t\t\t<div class=\"elementor-widget-wrap elementor-element-populated\">\n\t\t\t\t\t\t<div class=\"elementor-element elementor-element-bb0f164 elementor-widget elementor-widget-spacer\" data-id=\"bb0f164\" data-element_type=\"widget\" data-e-type=\"widget\" data-widget_type=\"spacer.default\">\n\t\t\t\t<div class=\"elementor-widget-container\">\n\t\t\t\t\t\t\t<div class=\"elementor-spacer\">\n\t\t\t<div class=\"elementor-spacer-inner\"><\/div>\n\t\t<\/div>\n\t\t\t\t\t\t<\/div>\n\t\t\t\t<\/div>\n\t\t\t\t\t<\/div>\n\t\t<\/div>\n\t\t\t\t\t<\/div>\n\t\t<\/section>\n\t\t\t\t<section class=\"elementor-section elementor-top-section elementor-element elementor-element-e4dee50 elementor-section-boxed elementor-section-height-default elementor-section-height-default\" data-id=\"e4dee50\" data-element_type=\"section\" data-e-type=\"section\">\n\t\t\t\t\t\t<div class=\"elementor-container elementor-column-gap-default\">\n\t\t\t\t\t<div class=\"elementor-column elementor-col-100 elementor-top-column elementor-element elementor-element-1f8a5e9\" data-id=\"1f8a5e9\" data-element_type=\"column\" data-e-type=\"column\">\n\t\t\t<div class=\"elementor-widget-wrap elementor-element-populated\">\n\t\t\t\t\t\t<section class=\"elementor-section elementor-inner-section elementor-element elementor-element-453a5b5 elementor-section-boxed elementor-section-height-default elementor-section-height-default\" data-id=\"453a5b5\" data-element_type=\"section\" data-e-type=\"section\">\n\t\t\t\t\t\t<div class=\"elementor-container elementor-column-gap-default\">\n\t\t\t\t\t<div class=\"elementor-column elementor-col-50 elementor-inner-column elementor-element elementor-element-d8bcacd\" data-id=\"d8bcacd\" data-element_type=\"column\" data-e-type=\"column\">\n\t\t\t<div class=\"elementor-widget-wrap elementor-element-populated\">\n\t\t\t\t\t\t<div class=\"elementor-element elementor-element-4f95a79 elementor-widget elementor-widget-image\" data-id=\"4f95a79\" data-element_type=\"widget\" data-e-type=\"widget\" data-widget_type=\"image.default\">\n\t\t\t\t<div class=\"elementor-widget-container\">\n\t\t\t\t\t\t\t\t\t\t\t\t\t\t\t\t<a href=\"https:\/\/ganzesachemachen.de\/\" target=\"_blank\">\n\t\t\t\t\t\t\t<img fetchpriority=\"high\" decoding=\"async\" width=\"800\" height=\"343\" src=\"https:\/\/career-jungle.de\/wp-content\/uploads\/2023\/05\/Wort-Bild-Marke-1-1024x439.jpg\" class=\"attachment-large size-large wp-image-1845\" alt=\"\" srcset=\"https:\/\/career-jungle.de\/wp-content\/uploads\/2023\/05\/Wort-Bild-Marke-1-1024x439.jpg 1024w, https:\/\/career-jungle.de\/wp-content\/uploads\/2023\/05\/Wort-Bild-Marke-1-300x129.jpg 300w, https:\/\/career-jungle.de\/wp-content\/uploads\/2023\/05\/Wort-Bild-Marke-1-768x330.jpg 768w, https:\/\/career-jungle.de\/wp-content\/uploads\/2023\/05\/Wort-Bild-Marke-1.jpg 1200w\" sizes=\"(max-width: 800px) 100vw, 800px\" \/>\t\t\t\t\t\t\t\t<\/a>\n\t\t\t\t\t\t\t\t\t\t\t\t\t\t\t<\/div>\n\t\t\t\t<\/div>\n\t\t\t\t\t<\/div>\n\t\t<\/div>\n\t\t\t\t<div class=\"elementor-column elementor-col-50 elementor-inner-column elementor-element elementor-element-347f17f\" data-id=\"347f17f\" data-element_type=\"column\" data-e-type=\"column\">\n\t\t\t<div class=\"elementor-widget-wrap elementor-element-populated\">\n\t\t\t\t\t\t<div class=\"elementor-element elementor-element-419834e elementor-widget__width-initial elementor-widget elementor-widget-text-editor\" data-id=\"419834e\" data-element_type=\"widget\" data-e-type=\"widget\" data-widget_type=\"text-editor.default\">\n\t\t\t\t<div class=\"elementor-widget-container\">\n\t\t\t\t\t\t\t\t\t<p><strong>F\u00dcR VERWALTER ODER GESTALTER?<\/strong><\/p><p>GANZ KLAR BEIDES!<b><br \/><\/b><span style=\"font-weight: 400;\">Wir suchen neugierige Berufseinsteiger, Studierende und Azubis, die Lust auf die abwechslungsreichen Aufgaben eines Landkreises haben &#8211; von Technik \u00fcber Soziales bis hin zu Verwaltung.\u00a0<\/span><\/p><p><span style=\"font-weight: 400;\">Der Landkreis Reutlingen liegt in unmittelbarer N\u00e4he zur Landeshauptstadt Stuttgart und ist als wirtschaftlich wie landschaftlich vielf\u00e4ltige Gegend Teil des ersten Biosph\u00e4rengebiets in Baden-W\u00fcrttemberg. Wir beim Landratsamt setzen uns f\u00fcr Menschen, Natur, Wirtschaft und Kultur ein \u2013 und haben immer das Ganze im Blick.<\/span><\/p><p><span style=\"font-weight: 400;\">Das bieten wir:<\/span><\/p><ul><li style=\"font-weight: 400;\" aria-level=\"1\"><span style=\"font-weight: 400;\">Einzigartige Projekte, bei denen du eigene Ideen verwirklichen und den Landkreis mitgestalten kannst<\/span><\/li><li style=\"font-weight: 400;\" aria-level=\"1\"><span style=\"font-weight: 400;\">flexible Arbeitszeiten ohne Kernzeiten<\/span><\/li><li style=\"font-weight: 400;\" aria-level=\"1\"><span style=\"font-weight: 400;\">Starke Benefits wie Homeoffice, \u00d6PNV- Zuschuss, Alters- und Gesundheitsvorsorge, Corporate Benefits u.v.m.<\/span><\/li><li style=\"font-weight: 400;\" aria-level=\"1\"><span style=\"font-weight: 400;\">Entwicklungsperspektiven und M\u00f6glichkeiten zur Weiterbildung<\/span><\/li><li style=\"font-weight: 400;\" aria-level=\"1\"><span style=\"font-weight: 400;\">Jahressonderzahlung und Leistungsentgelt<\/span><\/li><\/ul><div>\u00a0<\/div><div>\u00a0<\/div><div><p><strong>MORE INFO:\u00a0<br \/><\/strong><a href=\"https:\/\/ganzesachemachen.de\/\" target=\"_blank\" rel=\"noopener\">https:\/\/ganzesachemachen.de\/<\/a><\/p><p>\u00a0<\/p><\/div>\t\t\t\t\t\t\t\t<\/div>\n\t\t\t\t<\/div>\n\t\t\t\t<div class=\"elementor-element elementor-element-cfb3de6 elementor-align-left elementor-widget elementor-widget-button\" data-id=\"cfb3de6\" data-element_type=\"widget\" data-e-type=\"widget\" data-widget_type=\"button.default\">\n\t\t\t\t<div class=\"elementor-widget-container\">\n\t\t\t\t\t\t\t\t\t<div class=\"elementor-button-wrapper\">\n\t\t\t\t\t<a class=\"elementor-button elementor-button-link elementor-size-sm\" href=\"https:\/\/career-jungle.de\/en\/company\/\">\n\t\t\t\t\t\t<span class=\"elementor-button-content-wrapper\">\n\t\t\t\t\t\t\t\t\t<span class=\"elementor-button-text\">back to overview<\/span>\n\t\t\t\t\t<\/span>\n\t\t\t\t\t<\/a>\n\t\t\t\t<\/div>\n\t\t\t\t\t\t\t\t<\/div>\n\t\t\t\t<\/div>\n\t\t\t\t\t<\/div>\n\t\t<\/div>\n\t\t\t\t\t<\/div>\n\t\t<\/section>\n\t\t\t\t\t<\/div>\n\t\t<\/div>\n\t\t\t\t\t<\/div>\n\t\t<\/section>\n\t\t\t\t<section class=\"elementor-section elementor-top-section elementor-element elementor-element-23980c7 elementor-section-boxed elementor-section-height-default elementor-section-height-default\" data-id=\"23980c7\" data-element_type=\"section\" data-e-type=\"section\">\n\t\t\t\t\t\t<div class=\"elementor-container elementor-column-gap-default\">\n\t\t\t\t\t<div class=\"elementor-column elementor-col-100 elementor-top-column elementor-element elementor-element-f00eb3d\" data-id=\"f00eb3d\" data-element_type=\"column\" data-e-type=\"column\">\n\t\t\t<div class=\"elementor-widget-wrap elementor-element-populated\">\n\t\t\t\t\t\t<div class=\"elementor-element elementor-element-5d157cc elementor-widget elementor-widget-spacer\" data-id=\"5d157cc\" data-element_type=\"widget\" data-e-type=\"widget\" data-widget_type=\"spacer.default\">\n\t\t\t\t<div class=\"elementor-widget-container\">\n\t\t\t\t\t\t\t<div class=\"elementor-spacer\">\n\t\t\t<div class=\"elementor-spacer-inner\"><\/div>\n\t\t<\/div>\n\t\t\t\t\t\t<\/div>\n\t\t\t\t<\/div>\n\t\t\t\t\t<\/div>\n\t\t<\/div>\n\t\t\t\t\t<\/div>\n\t\t<\/section>\n\t\t\t\t<\/div>","protected":false},"excerpt":{"rendered":"<p>F\u00dcR VERWALTER ODER GESTALTER? GANZ KLAR BEIDES!Wir suchen neugierige Berufseinsteiger, Studierende und Azubis, die Lust auf die abwechslungsreichen Aufgaben eines Landkreises haben &#8211; von Technik \u00fcber Soziales bis hin zu Verwaltung.\u00a0 Der Landkreis Reutlingen liegt in unmittelbarer N\u00e4he zur Landeshauptstadt Stuttgart und ist als wirtschaftlich wie landschaftlich vielf\u00e4ltige Gegend Teil des ersten Biosph\u00e4rengebiets in Baden-W\u00fcrttemberg. [&hellip;]<\/p>\n","protected":false},"author":3,"featured_media":0,"parent":322,"menu_order":0,"comment_status":"closed","ping_status":"closed","template":"elementor_header_footer","meta":{"inline_featured_image":false,"footnotes":""},"class_list":["post-1829","page","type-page","status-publish","hentry"],"yoast_head":"<!-- This site is optimized with the Yoast SEO plugin v27.3 - https:\/\/yoast.com\/product\/yoast-seo-wordpress\/ -->\n<title>Landkreis Reutlingen - Career Day<\/title>\n<meta name=\"robots\" content=\"index, follow, max-snippet:-1, max-image-preview:large, max-video-preview:-1\" \/>\n<link rel=\"canonical\" href=\"https:\/\/career-jungle.de\/en\/company\/landkreis-reutlingen\/\" \/>\n<meta property=\"og:locale\" content=\"en_US\" \/>\n<meta property=\"og:type\" content=\"article\" \/>\n<meta property=\"og:title\" content=\"Landkreis Reutlingen - Career Day\" \/>\n<meta property=\"og:description\" content=\"F\u00dcR VERWALTER ODER GESTALTER? GANZ KLAR BEIDES!Wir suchen neugierige Berufseinsteiger, Studierende und Azubis, die Lust auf die abwechslungsreichen Aufgaben eines Landkreises haben &#8211; von Technik \u00fcber Soziales bis hin zu Verwaltung.\u00a0 Der Landkreis Reutlingen liegt in unmittelbarer N\u00e4he zur Landeshauptstadt Stuttgart und ist als wirtschaftlich wie landschaftlich vielf\u00e4ltige Gegend Teil des ersten Biosph\u00e4rengebiets in Baden-W\u00fcrttemberg. [&hellip;]\" \/>\n<meta property=\"og:url\" content=\"https:\/\/career-jungle.de\/en\/company\/landkreis-reutlingen\/\" \/>\n<meta property=\"og:site_name\" content=\"Career Day\" \/>\n<meta property=\"article:modified_time\" content=\"2023-05-05T14:18:48+00:00\" \/>\n<meta property=\"og:image\" content=\"https:\/\/career-jungle.de\/wp-content\/uploads\/2023\/05\/Wort-Bild-Marke-1-1024x439.jpg\" \/>\n<meta name=\"twitter:card\" content=\"summary_large_image\" \/>\n<meta name=\"twitter:label1\" content=\"Est. reading time\" \/>\n\t<meta name=\"twitter:data1\" content=\"1 minute\" \/>\n<script type=\"application\/ld+json\" class=\"yoast-schema-graph\">{\"@context\":\"https:\\\/\\\/schema.org\",\"@graph\":[{\"@type\":\"WebPage\",\"@id\":\"https:\\\/\\\/career-jungle.de\\\/unternehmen\\\/landkreis-reutlingen\\\/\",\"url\":\"https:\\\/\\\/career-jungle.de\\\/unternehmen\\\/landkreis-reutlingen\\\/\",\"name\":\"Landkreis Reutlingen - Career Day\",\"isPartOf\":{\"@id\":\"https:\\\/\\\/career-jungle.de\\\/#website\"},\"primaryImageOfPage\":{\"@id\":\"https:\\\/\\\/career-jungle.de\\\/unternehmen\\\/landkreis-reutlingen\\\/#primaryimage\"},\"image\":{\"@id\":\"https:\\\/\\\/career-jungle.de\\\/unternehmen\\\/landkreis-reutlingen\\\/#primaryimage\"},\"thumbnailUrl\":\"https:\\\/\\\/career-jungle.de\\\/wp-content\\\/uploads\\\/2023\\\/05\\\/Wort-Bild-Marke-1-1024x439.jpg\",\"datePublished\":\"2023-05-05T14:09:07+00:00\",\"dateModified\":\"2023-05-05T14:18:48+00:00\",\"breadcrumb\":{\"@id\":\"https:\\\/\\\/career-jungle.de\\\/unternehmen\\\/landkreis-reutlingen\\\/#breadcrumb\"},\"inLanguage\":\"en-US\",\"potentialAction\":[{\"@type\":\"ReadAction\",\"target\":[\"https:\\\/\\\/career-jungle.de\\\/unternehmen\\\/landkreis-reutlingen\\\/\"]}]},{\"@type\":\"ImageObject\",\"inLanguage\":\"en-US\",\"@id\":\"https:\\\/\\\/career-jungle.de\\\/unternehmen\\\/landkreis-reutlingen\\\/#primaryimage\",\"url\":\"https:\\\/\\\/career-jungle.de\\\/wp-content\\\/uploads\\\/2023\\\/05\\\/Wort-Bild-Marke-1-1024x439.jpg\",\"contentUrl\":\"https:\\\/\\\/career-jungle.de\\\/wp-content\\\/uploads\\\/2023\\\/05\\\/Wort-Bild-Marke-1-1024x439.jpg\"},{\"@type\":\"BreadcrumbList\",\"@id\":\"https:\\\/\\\/career-jungle.de\\\/unternehmen\\\/landkreis-reutlingen\\\/#breadcrumb\",\"itemListElement\":[{\"@type\":\"ListItem\",\"position\":1,\"name\":\"Startseite\",\"item\":\"https:\\\/\\\/career-jungle.de\\\/\"},{\"@type\":\"ListItem\",\"position\":2,\"name\":\"Unternehmen\",\"item\":\"https:\\\/\\\/career-jungle.de\\\/unternehmen\\\/\"},{\"@type\":\"ListItem\",\"position\":3,\"name\":\"Landkreis Reutlingen\"}]},{\"@type\":\"WebSite\",\"@id\":\"https:\\\/\\\/career-jungle.de\\\/#website\",\"url\":\"https:\\\/\\\/career-jungle.de\\\/\",\"name\":\"Career Day\",\"description\":\"Welcome to the jungle\",\"publisher\":{\"@id\":\"https:\\\/\\\/career-jungle.de\\\/#organization\"},\"potentialAction\":[{\"@type\":\"SearchAction\",\"target\":{\"@type\":\"EntryPoint\",\"urlTemplate\":\"https:\\\/\\\/career-jungle.de\\\/?s={search_term_string}\"},\"query-input\":{\"@type\":\"PropertyValueSpecification\",\"valueRequired\":true,\"valueName\":\"search_term_string\"}}],\"inLanguage\":\"en-US\"},{\"@type\":\"Organization\",\"@id\":\"https:\\\/\\\/career-jungle.de\\\/#organization\",\"name\":\"Career Day\",\"url\":\"https:\\\/\\\/career-jungle.de\\\/\",\"logo\":{\"@type\":\"ImageObject\",\"inLanguage\":\"en-US\",\"@id\":\"https:\\\/\\\/career-jungle.de\\\/#\\\/schema\\\/logo\\\/image\\\/\",\"url\":\"https:\\\/\\\/career-jungle.de\\\/wp-content\\\/uploads\\\/2023\\\/04\\\/2026_CareerDayLogo_Pfad_Kontur_blau.png\",\"contentUrl\":\"https:\\\/\\\/career-jungle.de\\\/wp-content\\\/uploads\\\/2023\\\/04\\\/2026_CareerDayLogo_Pfad_Kontur_blau.png\",\"width\":872,\"height\":272,\"caption\":\"Career Day\"},\"image\":{\"@id\":\"https:\\\/\\\/career-jungle.de\\\/#\\\/schema\\\/logo\\\/image\\\/\"}}]}<\/script>\n<!-- \/ Yoast SEO plugin. -->","yoast_head_json":{"title":"Landkreis Reutlingen - Career Day","robots":{"index":"index","follow":"follow","max-snippet":"max-snippet:-1","max-image-preview":"max-image-preview:large","max-video-preview":"max-video-preview:-1"},"canonical":"https:\/\/career-jungle.de\/en\/company\/landkreis-reutlingen\/","og_locale":"en_US","og_type":"article","og_title":"Landkreis Reutlingen - Career Day","og_description":"F\u00dcR VERWALTER ODER GESTALTER? GANZ KLAR BEIDES!Wir suchen neugierige Berufseinsteiger, Studierende und Azubis, die Lust auf die abwechslungsreichen Aufgaben eines Landkreises haben &#8211; von Technik \u00fcber Soziales bis hin zu Verwaltung.\u00a0 Der Landkreis Reutlingen liegt in unmittelbarer N\u00e4he zur Landeshauptstadt Stuttgart und ist als wirtschaftlich wie landschaftlich vielf\u00e4ltige Gegend Teil des ersten Biosph\u00e4rengebiets in Baden-W\u00fcrttemberg. [&hellip;]","og_url":"https:\/\/career-jungle.de\/en\/company\/landkreis-reutlingen\/","og_site_name":"Career Day","article_modified_time":"2023-05-05T14:18:48+00:00","og_image":[{"url":"https:\/\/career-jungle.de\/wp-content\/uploads\/2023\/05\/Wort-Bild-Marke-1-1024x439.jpg","type":"","width":"","height":""}],"twitter_card":"summary_large_image","twitter_misc":{"Est. reading time":"1 minute"},"schema":{"@context":"https:\/\/schema.org","@graph":[{"@type":"WebPage","@id":"https:\/\/career-jungle.de\/unternehmen\/landkreis-reutlingen\/","url":"https:\/\/career-jungle.de\/unternehmen\/landkreis-reutlingen\/","name":"Landkreis Reutlingen - Career Day","isPartOf":{"@id":"https:\/\/career-jungle.de\/#website"},"primaryImageOfPage":{"@id":"https:\/\/career-jungle.de\/unternehmen\/landkreis-reutlingen\/#primaryimage"},"image":{"@id":"https:\/\/career-jungle.de\/unternehmen\/landkreis-reutlingen\/#primaryimage"},"thumbnailUrl":"https:\/\/career-jungle.de\/wp-content\/uploads\/2023\/05\/Wort-Bild-Marke-1-1024x439.jpg","datePublished":"2023-05-05T14:09:07+00:00","dateModified":"2023-05-05T14:18:48+00:00","breadcrumb":{"@id":"https:\/\/career-jungle.de\/unternehmen\/landkreis-reutlingen\/#breadcrumb"},"inLanguage":"en-US","potentialAction":[{"@type":"ReadAction","target":["https:\/\/career-jungle.de\/unternehmen\/landkreis-reutlingen\/"]}]},{"@type":"ImageObject","inLanguage":"en-US","@id":"https:\/\/career-jungle.de\/unternehmen\/landkreis-reutlingen\/#primaryimage","url":"https:\/\/career-jungle.de\/wp-content\/uploads\/2023\/05\/Wort-Bild-Marke-1-1024x439.jpg","contentUrl":"https:\/\/career-jungle.de\/wp-content\/uploads\/2023\/05\/Wort-Bild-Marke-1-1024x439.jpg"},{"@type":"BreadcrumbList","@id":"https:\/\/career-jungle.de\/unternehmen\/landkreis-reutlingen\/#breadcrumb","itemListElement":[{"@type":"ListItem","position":1,"name":"Startseite","item":"https:\/\/career-jungle.de\/"},{"@type":"ListItem","position":2,"name":"Unternehmen","item":"https:\/\/career-jungle.de\/unternehmen\/"},{"@type":"ListItem","position":3,"name":"Landkreis Reutlingen"}]},{"@type":"WebSite","@id":"https:\/\/career-jungle.de\/#website","url":"https:\/\/career-jungle.de\/","name":"Career Day","description":"Welcome to the jungle","publisher":{"@id":"https:\/\/career-jungle.de\/#organization"},"potentialAction":[{"@type":"SearchAction","target":{"@type":"EntryPoint","urlTemplate":"https:\/\/career-jungle.de\/?s={search_term_string}"},"query-input":{"@type":"PropertyValueSpecification","valueRequired":true,"valueName":"search_term_string"}}],"inLanguage":"en-US"},{"@type":"Organization","@id":"https:\/\/career-jungle.de\/#organization","name":"Career Day","url":"https:\/\/career-jungle.de\/","logo":{"@type":"ImageObject","inLanguage":"en-US","@id":"https:\/\/career-jungle.de\/#\/schema\/logo\/image\/","url":"https:\/\/career-jungle.de\/wp-content\/uploads\/2023\/04\/2026_CareerDayLogo_Pfad_Kontur_blau.png","contentUrl":"https:\/\/career-jungle.de\/wp-content\/uploads\/2023\/04\/2026_CareerDayLogo_Pfad_Kontur_blau.png","width":872,"height":272,"caption":"Career Day"},"image":{"@id":"https:\/\/career-jungle.de\/#\/schema\/logo\/image\/"}}]}},"_links":{"self":[{"href":"https:\/\/career-jungle.de\/en\/wp-json\/wp\/v2\/pages\/1829","targetHints":{"allow":["GET"]}}],"collection":[{"href":"https:\/\/career-jungle.de\/en\/wp-json\/wp\/v2\/pages"}],"about":[{"href":"https:\/\/career-jungle.de\/en\/wp-json\/wp\/v2\/types\/page"}],"author":[{"embeddable":true,"href":"https:\/\/career-jungle.de\/en\/wp-json\/wp\/v2\/users\/3"}],"replies":[{"embeddable":true,"href":"https:\/\/career-jungle.de\/en\/wp-json\/wp\/v2\/comments?post=1829"}],"version-history":[{"count":5,"href":"https:\/\/career-jungle.de\/en\/wp-json\/wp\/v2\/pages\/1829\/revisions"}],"predecessor-version":[{"id":1860,"href":"https:\/\/career-jungle.de\/en\/wp-json\/wp\/v2\/pages\/1829\/revisions\/1860"}],"up":[{"embeddable":true,"href":"https:\/\/career-jungle.de\/en\/wp-json\/wp\/v2\/pages\/322"}],"wp:attachment":[{"href":"https:\/\/career-jungle.de\/en\/wp-json\/wp\/v2\/media?parent=1829"}],"curies":[{"name":"WordPress","href":"https:\/\/api.w.org\/{rel}","templated":true}]}}